{"id":1140,"date":"2025-12-31T12:53:44","date_gmt":"2025-12-31T11:53:44","guid":{"rendered":"https:\/\/www.juliegille.fr\/?page_id=1140"},"modified":"2026-02-05T14:43:16","modified_gmt":"2026-02-05T13:43:16","slug":"1140-2","status":"publish","type":"page","link":"https:\/\/www.juliegille.fr\/index.php\/1140-2\/","title":{"rendered":""},"content":{"rendered":"\n<div class=\"wp-block-group\"><div class=\"wp-block-group__inner-container is-layout-constrained wp-block-group-is-layout-constrained\">\n<div class=\"wp-block-group\"><div class=\"wp-block-group__inner-container is-layout-constrained wp-block-group-is-layout-constrained\">\n<p class=\"has-text-align-center\">\ud83d\udd25<strong> PROPOSITION 2 : L&rsquo;ODYSS\u00c9E INDIVIDUELLE<\/strong><\/p>\n\n\n\n<p class=\"has-text-align-center\"><strong>Accompagnement personnalis\u00e9 en 7 s\u00e9ances<\/strong><\/p>\n\n\n\n<p><strong>Un chemin d&rsquo;int\u00e9gration sur mesure, \u00e0 votre rythme<\/strong><\/p>\n\n\n\n<p><strong>L&rsquo;Odyss\u00e9e individuelle est un <\/strong><strong>parcours initiatique complet<\/strong><strong> qui vous m\u00e8ne \u00e0 la rencontre des 7 arch\u00e9types (dont la Traqueuse d&rsquo;Ombre et la Sorci\u00e8re) \u00e0 travers 7 s\u00e9ances de 2h espac\u00e9es selon vos disponibilit\u00e9s.<\/strong><\/p>\n\n\n\n<p><strong>C&rsquo;est un <\/strong><strong>voyage profond et transformateur<\/strong><strong> o\u00f9 chaque s\u00e9ance construit sur la pr\u00e9c\u00e9dente pour former un tout coh\u00e9rent. Vous cr\u00e9erez votre Journal de Bord, vos objets rituels, et tisserez un lien intime avec vos parts d&rsquo;ombre.<\/strong><\/p>\n\n\n\n<p>\ud83d\udcc5<strong> Le format<\/strong><\/p>\n\n\n\n<p><strong>7 s\u00e9ances de 2h r\u00e9parties dans l&rsquo;ann\u00e9e selon vos disponibilit\u00e9s<\/strong> ou <strong>1 \u00e0 2 s\u00e9ances de 2 heures sur un arch\u00e9type de votre choix.<\/strong><\/p>\n\n\n\n<p><strong>En <\/strong><strong>visio<\/strong><strong> (Zoom) ou en <\/strong><strong>pr\u00e9sentiel<\/strong><strong> (selon localisation)<\/strong><\/p>\n\n\n\n<p><strong><em>Espacement recommand\u00e9 : <\/em><\/strong><strong><em>1 mois minimum<\/em><\/strong><\/p>\n\n\n\n<p>\u2728<strong> Ce que vous vivrez \u00e0 chaque s\u00e9ance<\/strong><\/p>\n\n\n\n<ul class=\"wp-block-list\">\n<li><strong>Visualisation guid\u00e9e<\/strong> pour rencontrer l&rsquo;arch\u00e9type<\/li>\n\n\n\n<li><strong>Questionnement approfondi<\/strong> adapt\u00e9 \u00e0 votre histoire personnelle<\/li>\n\n\n\n<li><strong>Art-th\u00e9rapie<\/strong> (dessin et cr\u00e9ation d&rsquo;un objet rituel)<\/li>\n\n\n\n<li><strong>Rituel d&rsquo;int\u00e9gration<\/strong> pour ancrer la transformation<\/li>\n\n\n\n<li><strong>Pratiques autonomes<\/strong> entre les s\u00e9ances<\/li>\n<\/ul>\n\n\n\n<p><strong>\u00c0 la fin de l&rsquo;Odyss\u00e9e, vous aurez cr\u00e9\u00e9 (si vous prenez l\u2019Odyss\u00e9e en entier et non pas un arch\u00e9type ponctuel) :<\/strong><\/p>\n\n\n\n<ul class=\"wp-block-list\">\n<li>Votre <strong>Journal de Bord<\/strong> complet (dessins, r\u00e9flexions, dialogues)<\/li>\n\n\n\n<li><strong>7 objets rituels<\/strong> assembl\u00e9s en Couronne de Totalit\u00e9<\/li>\n\n\n\n<li>Une <strong>relation vivante<\/strong> avec vos arch\u00e9types<\/li>\n<\/ul>\n\n\n\n<p>\ud83c\udfaf<strong> Le parcours complet<\/strong><\/p>\n\n\n\n<p><strong>S\u00e9ance 1<\/strong><strong> &#8211; <\/strong>\ud83d\udd26 <strong>La Traqueuse d&rsquo;Ombre<\/strong><\/p>\n\n\n\n<p><strong><em>D\u00e9velopper l&rsquo;observation de soi<\/em><\/strong><\/p>\n\n\n\n<p><strong>S\u00e9ance 2- <\/strong>\ud83d\udc41\ufe0f<strong>La S\u00e9ductrice \/ L&rsquo;Invisible<\/strong><\/p>\n\n\n\n<p><strong><em>R\u00e9cup\u00e9rer sa vitalit\u00e9<\/em><\/strong><\/p>\n\n\n\n<p><strong>S\u00e9ance 3- <\/strong>\ud83c\udf7d\ufe0f<strong>La D\u00e9vorante \/ La D\u00e9vor\u00e9e<\/strong><\/p>\n\n\n\n<p><strong><em>Exister par soi-m\u00eame<\/em><\/strong><\/p>\n\n\n\n<p><strong>S\u00e9ance 4- <\/strong>\u2696\ufe0f<strong>La M\u00e8re Terrible \/ L&rsquo;Enfant Seul<\/strong><\/p>\n\n\n\n<p><strong><em>Poser ses fronti\u00e8res<\/em><\/strong><\/p>\n\n\n\n<p><strong>S\u00e9ance 5- <\/strong>\ud83d\udde1\ufe0f<strong>La Castratrice \/ La Castr\u00e9e<\/strong><\/p>\n\n\n\n<p><strong><em>Apprendre la mesure dans le don<\/em><\/strong><\/p>\n\n\n\n<p><strong>S\u00e9ance 6<\/strong><strong> &#8211; <\/strong>\ud83c\udf1f <strong>La Grande Pr\u00eatresse \/ La Disciple<\/strong><\/p>\n\n\n\n<p><strong><em>R\u00e9cup\u00e9rer son autorit\u00e9 spirituelle<\/em><\/strong><\/p>\n\n\n\n<p><strong>S\u00e9ance 7<\/strong><strong> &#8211; <\/strong>\ud83d\udc51 <strong>La B\u00e9n\u00e9diction de la Sorci\u00e8re<\/strong><\/p>\n\n\n\n<p><strong><em>Int\u00e9grer sa totalit\u00e9<\/em><\/strong><\/p>\n\n\n\n<p>\ud83d\udcb0<strong> Tarif : 130\u20ac par s\u00e9ance<\/strong><\/p>\n\n\n\n<p><strong><em>Possibilit\u00e9 de paiement en plusieurs fois.<\/em><\/strong><\/p>\n\n\n\n<p>\ud83d\udc65<strong> Pour qui ?<\/strong><\/p>\n\n\n\n<ul class=\"wp-block-list\">\n<li>Vous avez lu le livre et souhaitez <strong>un dialogue personnel<\/strong> avec ces arch\u00e9types<\/li>\n\n\n\n<li>Vous n&rsquo;avez pas (encore) lu le livre mais souhaitez aborder <strong>l&rsquo;ombre de mani\u00e8re personnelle<\/strong> sans entamer une psychoth\u00e9rapie \u00e0 proprement parler<\/li>\n\n\n\n<li>Vous voulez travailler avec les <strong>images, contes et arch\u00e9types<\/strong> pour cr\u00e9er du lien entre votre histoire et la Grande Histoire de la Psych\u00e9 humaine<\/li>\n\n\n\n<li>Vous cherchez un <strong>accompagnement sur mesure<\/strong>, adapt\u00e9 \u00e0 votre rythme et vos besoins<\/li>\n\n\n\n<li>Vous \u00eates pr\u00eate \u00e0 vous <strong>engager dans un processus de transformation<\/strong> profond (2-3 mois)<\/li>\n<\/ul>\n\n\n\n<p>\ud83d\udcde<strong> Comment d\u00e9marrer ?<\/strong><\/p>\n\n\n\n<p>\ud83d\udc49 <strong>Me contacter pour plus d&rsquo;infos et r\u00e9server vos s\u00e9ances<\/strong><\/p>\n\n\n\n<p class=\"has-text-align-center\"><strong><em>Nous fixerons ensemble le calendrier qui vous convient et la modalit\u00e9 (visio ou pr\u00e9sentiel).<\/em><\/strong><\/p>\n<\/div><\/div>\n\n\n\n<div class=\"wp-block-buttons is-layout-flex wp-block-buttons-is-layout-flex\">\n<div class=\"wp-block-button\"><a class=\"wp-block-button__link wp-element-button\" href=\"https:\/\/www.juliegille.fr\/index.php\/ateliers-paroles-de-lombre\/\">Retour aux propositions<\/a><\/div>\n<\/div>\n<\/div><\/div>\n","protected":false},"excerpt":{"rendered":"<p>\ud83d\udd25 PROPOSITION 2 : L&rsquo;ODYSS\u00c9E INDIVIDUELLE Accompagnement personnalis\u00e9 en 7 s\u00e9ances Un chemin d&rsquo;int\u00e9gration sur mesure, \u00e0 votre rythme L&rsquo;Odyss\u00e9e individuelle est un parcours initiatique &hellip;<\/p>\n","protected":false},"author":1,"featured_media":0,"parent":0,"menu_order":0,"comment_status":"closed","ping_status":"closed","template":"","meta":{"footnotes":""},"class_list":["post-1140","page","type-page","status-publish","hentry"],"_links":{"self":[{"href":"https:\/\/www.juliegille.fr\/index.php\/wp-json\/wp\/v2\/pages\/1140","targetHints":{"allow":["GET"]}}],"collection":[{"href":"https:\/\/www.juliegille.fr\/index.php\/wp-json\/wp\/v2\/pages"}],"about":[{"href":"https:\/\/www.juliegille.fr\/index.php\/wp-json\/wp\/v2\/types\/page"}],"author":[{"embeddable":true,"href":"https:\/\/www.juliegille.fr\/index.php\/wp-json\/wp\/v2\/users\/1"}],"replies":[{"embeddable":true,"href":"https:\/\/www.juliegille.fr\/index.php\/wp-json\/wp\/v2\/comments?post=1140"}],"version-history":[{"count":5,"href":"https:\/\/www.juliegille.fr\/index.php\/wp-json\/wp\/v2\/pages\/1140\/revisions"}],"predecessor-version":[{"id":1180,"href":"https:\/\/www.juliegille.fr\/index.php\/wp-json\/wp\/v2\/pages\/1140\/revisions\/1180"}],"wp:attachment":[{"href":"https:\/\/www.juliegille.fr\/index.php\/wp-json\/wp\/v2\/media?parent=1140"}],"curies":[{"name":"wp","href":"https:\/\/api.w.org\/{rel}","templated":true}]}}