{"id":31,"date":"2022-07-31T18:25:52","date_gmt":"2022-07-31T16:25:52","guid":{"rendered":"http:\/\/www.juliegille.fr\/?page_id=31"},"modified":"2025-11-17T11:02:03","modified_gmt":"2025-11-17T10:02:03","slug":"qui-suis-je","status":"publish","type":"page","link":"https:\/\/www.juliegille.fr\/index.php\/qui-suis-je\/","title":{"rendered":"Qui suis-je ?"},"content":{"rendered":"\n<div class=\"wp-block-group alignfull has-background\" style=\"background-color:#ad905591\"><div class=\"wp-block-group__inner-container is-layout-flow wp-block-group-is-layout-flow\">\n<div class=\"wp-block-columns alignwide is-layout-flex wp-container-core-columns-is-layout-9d6595d7 wp-block-columns-is-layout-flex\">\n<div class=\"wp-block-column is-layout-flow wp-block-column-is-layout-flow\">\n<p class=\"has-text-color\" style=\"color:#000000;font-size:5vw;line-height:1.1\"><strong>Qui suis-je ?<\/strong><\/p>\n\n\n\n<div style=\"height:5px\" aria-hidden=\"true\" class=\"wp-block-spacer\"><\/div>\n<\/div>\n<\/div>\n\n\n\n<div class=\"wp-block-columns alignwide is-layout-flex wp-container-core-columns-is-layout-9d6595d7 wp-block-columns-is-layout-flex\">\n<div class=\"wp-block-column is-layout-flow wp-block-column-is-layout-flow\" style=\"flex-basis:50.29%\">\n<p class=\"has-text-align-right has-headings-color has-text-color\"><strong>Mon parcours <\/strong>:<\/p>\n\n\n\n<p class=\"has-text-align-right has-headings-color has-text-color\">Jeune adolescente, j&rsquo;\u00e9tais habit\u00e9e par le r\u00eave d\u2019\u00eatre psychologue-philosophe, une voie qui me permettrait de <strong>participer \u00e0 la construction d\u2019un monde sensible et conscient<\/strong>.&nbsp;Je pressentais que la r\u00e9alisation d\u2019un autre mode de relation aux autres et \u00e0 notre environnement passait n\u00e9cessairement par une <strong>voie de connaissance de soi et une relation pacifi\u00e9e \u00e0 soi-m\u00eame<\/strong>.   <\/p>\n\n\n\n<p class=\"has-text-align-right has-headings-color has-text-color\"> Apr\u00e8s une licence de lettres classiques doubl\u00e9e d\u2019une th\u00e9rapie, il ne faisait plus de doute que c\u2019\u00e9tait la voie dans lequel je voulais m\u2019engager, et non pas un besoin th\u00e9rapeutique d\u00e9guis\u00e9. Je changeai de voie et obtins mon titre de <strong>psychologue sociale<\/strong>.&nbsp;Frustr\u00e9e par l\u2019approche universitaire insuffisante et n\u00e9anmoins n\u00e9cessaire, j\u2019ai cherch\u00e9 \u00e0 <strong>me former \u00e0 d\u2019autres approches<\/strong>, en esp\u00e9rant que le chemin serait plus exp\u00e9rientiel.<\/p>\n\n\n\n<p class=\"has-text-align-right has-headings-color has-text-color\">J\u2019ai commenc\u00e9 \u00e0 la sortie de fac par la <strong>sophro-analyse<\/strong>, un courant de <strong>th\u00e9rapie psychocorporelle<\/strong>, associant les <strong>philosophies orientales, la psychologie et la sophrologie<\/strong> pour un accompagnement global de l\u2019individu. Premi\u00e8re r\u00e9v\u00e9lation sur mon chemin de formation: je retrouvais ce trait d\u2019union entre philosophies\/spiritualit\u00e9s du monde et th\u00e9rapie qui m\u2019avait toujours sembl\u00e9 indispensable \u00e0 un \u00e9quilibre du monde vivant.<\/p>\n\n\n\n<p class=\"has-text-align-right has-headings-color has-text-color\">Suite \u00e0 \u00e7a, j\u2019ai ouvert mon<strong> cabinet en 2013<\/strong> dans les Vosges <strong>sans cesser, jusqu\u2019\u00e0 aujourd\u2019hui encore, de<\/strong> <strong>me former ni d\u2019\u00eatre moi-m\u00eame accompagn\u00e9e\/supervis\u00e9e<\/strong>.&nbsp;<\/p>\n\n\n\n<p class=\"has-text-align-right has-headings-color has-text-color\">La <strong>psychog\u00e9n\u00e9alogie, les constellations syst\u00e9miques, l\u2019hypnose, les traditions th\u00e9rapeutiques des peuples premiers, les \u00e9tats de conscience modifi\u00e9s, l\u2019\u00e9copsychologie, les pratiques po\u00e9tiques et rituelles<\/strong> sont d\u2019autant d\u2019enseignements re\u00e7us qui jalonnent mon chemin personnel et professionnel. J\u2019ai v\u00e9cu chaque outil, exp\u00e9riment\u00e9 chaque approche, embrass\u00e9 chaque courant explor\u00e9, avant de leur trouver leur juste place dans ces facettes qui constituent ma posture professionnelle.<\/p>\n\n\n\n<p class=\"has-text-align-right has-headings-color has-text-color\">Je suis \u00e9galement l\u2019autrice de <em><a href=\"https:\/\/www.amazon.fr\/Paroles-lOmbre-Julie-Gille\/dp\/2487519029\">Paroles de l\u2019Ombre<\/a><\/em> aux \u00e9ditions Terre Noire, et formatrice au <a href=\"https:\/\/ceshum.net\/animation\/julie-gille\/\">CesHum<\/a> et \u00e0 <a href=\"https:\/\/www.holoniis.com\/formation-integrale\">Holoniis<\/a>.&nbsp;<\/p>\n\n\n\n<p><\/p>\n\n\n\n<p><\/p>\n<\/div>\n\n\n\n<div class=\"wp-block-column is-layout-flow wp-block-column-is-layout-flow\" style=\"flex-basis:49.71%\">\n<figure class=\"wp-block-image alignfull size-large\"><img loading=\"lazy\" decoding=\"async\" width=\"1024\" height=\"683\" src=\"http:\/\/www.juliegille.fr\/wp-content\/uploads\/2022\/08\/ugne-vasyliute-Dag9cv89jb4-unsplash-1024x683.jpg\" alt=\"\" class=\"wp-image-457\" srcset=\"https:\/\/www.juliegille.fr\/wp-content\/uploads\/2022\/08\/ugne-vasyliute-Dag9cv89jb4-unsplash-1024x683.jpg 1024w, https:\/\/www.juliegille.fr\/wp-content\/uploads\/2022\/08\/ugne-vasyliute-Dag9cv89jb4-unsplash-300x200.jpg 300w, https:\/\/www.juliegille.fr\/wp-content\/uploads\/2022\/08\/ugne-vasyliute-Dag9cv89jb4-unsplash-768x512.jpg 768w, https:\/\/www.juliegille.fr\/wp-content\/uploads\/2022\/08\/ugne-vasyliute-Dag9cv89jb4-unsplash-1536x1024.jpg 1536w, https:\/\/www.juliegille.fr\/wp-content\/uploads\/2022\/08\/ugne-vasyliute-Dag9cv89jb4-unsplash-2048x1365.jpg 2048w, https:\/\/www.juliegille.fr\/wp-content\/uploads\/2022\/08\/ugne-vasyliute-Dag9cv89jb4-unsplash-450x300.jpg 450w\" sizes=\"auto, (max-width: 1024px) 100vw, 1024px\" \/><\/figure>\n\n\n\n<figure class=\"wp-block-image size-large\"><img loading=\"lazy\" decoding=\"async\" width=\"683\" height=\"1024\" src=\"http:\/\/www.juliegille.fr\/wp-content\/uploads\/2022\/08\/BF8E118D-A307-4D50-B1A9-15FF2F0227F9-683x1024.jpeg\" alt=\"\" class=\"wp-image-448\" srcset=\"https:\/\/www.juliegille.fr\/wp-content\/uploads\/2022\/08\/BF8E118D-A307-4D50-B1A9-15FF2F0227F9-683x1024.jpeg 683w, https:\/\/www.juliegille.fr\/wp-content\/uploads\/2022\/08\/BF8E118D-A307-4D50-B1A9-15FF2F0227F9-200x300.jpeg 200w, https:\/\/www.juliegille.fr\/wp-content\/uploads\/2022\/08\/BF8E118D-A307-4D50-B1A9-15FF2F0227F9-768x1152.jpeg 768w, https:\/\/www.juliegille.fr\/wp-content\/uploads\/2022\/08\/BF8E118D-A307-4D50-B1A9-15FF2F0227F9-1024x1536.jpeg 1024w, https:\/\/www.juliegille.fr\/wp-content\/uploads\/2022\/08\/BF8E118D-A307-4D50-B1A9-15FF2F0227F9-1366x2048.jpeg 1366w, https:\/\/www.juliegille.fr\/wp-content\/uploads\/2022\/08\/BF8E118D-A307-4D50-B1A9-15FF2F0227F9.jpeg 1633w\" sizes=\"auto, (max-width: 683px) 100vw, 683px\" \/><\/figure>\n<\/div>\n<\/div>\n\n\n\n<div class=\"wp-block-columns is-layout-flex wp-container-core-columns-is-layout-9d6595d7 wp-block-columns-is-layout-flex\">\n<div class=\"wp-block-column is-layout-flow wp-block-column-is-layout-flow\">\n<p class=\"has-headings-color has-text-color\"><strong>Mon \u00e9thique:<\/strong><\/p>\n\n\n\n<p class=\"has-headings-color has-text-color\">Il \u00e9tait, et est toujours, fondamental pour moi de ne pas faire mon travail derri\u00e8re un livre ou dans la confortable distance qui me s\u00e9parerait de l\u2019exp\u00e9rience de mes patients, mais de traverser et d\u2019explorer de nombreux lieux int\u00e9rieurs,&nbsp;<strong>afin d\u2019accompagner l\u2019autre dans son passage en \u00e9tant moi-m\u00eame pass\u00e9e<\/strong>. C\u2019est l\u2019engagement que je prends envers mon travail et mes patients:&nbsp;<strong>travailler \u00e0 ce que mon propre chemin soit suffisamment \u00e9clair\u00e9 pour accueillir chaque histoire, chaque processus, chaque humain, sans jugement et avec compr\u00e9hension<\/strong>. Bien \u00e9videmment, je reste humaine, je tr\u00e9buche et tr\u00e9bucherai, et c\u2019est ce qui nourrit ma capacit\u00e9 \u00e0 \u00e9clairer.&nbsp;La conscience me fascine comme un territoire vivant aussi vaste que l\u2019univers \u00e0 explorer. Le coeur et les relations sont le fil d\u2019Ariane qui me permet de le faire. Ma vie professionnelle (et personnelle, peut-on s\u2019engager \u00e0 moiti\u00e9 dans cette voie?) est consacr\u00e9e \u00e0 cette exploration, \u00e0 participer d\u2019une fa\u00e7on ou d\u2019une autre&nbsp;<strong>\u00e0 l\u2019\u00e9veil d\u2019une conscience aimante, et d\u2019un amour conscient en chacun de nous<\/strong>.<\/p>\n<\/div>\n\n\n\n<div class=\"wp-block-column is-layout-flow wp-block-column-is-layout-flow\">\n<div style=\"height:100px\" aria-hidden=\"true\" class=\"wp-block-spacer\"><\/div>\n\n\n<div class=\"wp-block-image\">\n<figure class=\"aligncenter size-large\"><img loading=\"lazy\" decoding=\"async\" width=\"1024\" height=\"683\" src=\"http:\/\/www.juliegille.fr\/wp-content\/uploads\/2022\/08\/0EE70919-89B6-4059-9A32-868F9068A1A1-1024x683.jpeg\" alt=\"\" class=\"wp-image-447\" srcset=\"https:\/\/www.juliegille.fr\/wp-content\/uploads\/2022\/08\/0EE70919-89B6-4059-9A32-868F9068A1A1-1024x683.jpeg 1024w, https:\/\/www.juliegille.fr\/wp-content\/uploads\/2022\/08\/0EE70919-89B6-4059-9A32-868F9068A1A1-300x200.jpeg 300w, https:\/\/www.juliegille.fr\/wp-content\/uploads\/2022\/08\/0EE70919-89B6-4059-9A32-868F9068A1A1-768x512.jpeg 768w, https:\/\/www.juliegille.fr\/wp-content\/uploads\/2022\/08\/0EE70919-89B6-4059-9A32-868F9068A1A1-1536x1024.jpeg 1536w, https:\/\/www.juliegille.fr\/wp-content\/uploads\/2022\/08\/0EE70919-89B6-4059-9A32-868F9068A1A1-2048x1366.jpeg 2048w, https:\/\/www.juliegille.fr\/wp-content\/uploads\/2022\/08\/0EE70919-89B6-4059-9A32-868F9068A1A1-450x300.jpeg 450w\" sizes=\"auto, (max-width: 1024px) 100vw, 1024px\" \/><\/figure>\n<\/div><\/div>\n<\/div>\n\n\n\n<div class=\"wp-block-columns alignwide is-layout-flex wp-container-core-columns-is-layout-9d6595d7 wp-block-columns-is-layout-flex\">\n<div class=\"wp-block-column is-vertically-aligned-center is-layout-flow wp-block-column-is-layout-flow\" style=\"flex-basis:50%\">\n<blockquote class=\"wp-block-quote has-text-align-center has-headings-color has-text-color is-layout-flow wp-block-quote-is-layout-flow\">\n<p>Le mot \u00ab therapeutein \u00bb, en grec, signifie d\u2019abord soigner, prendre soin. Le th\u00e9rapeute ne gu\u00e9rit pas, il soigne. C\u2019est la nature qui gu\u00e9rit, c\u2019est la vie qui gu\u00e9rit. Le r\u00f4le du th\u00e9rapeute est de cr\u00e9er, ou de permettre les meilleurs conditions pour que la gu\u00e9rison puisse advenir.<\/p>\n\n\n\n<p>Le th\u00e9rapeute ne gu\u00e9rit pas, mais il cr\u00e9e le lieu, le milieu, l\u2019atmosph\u00e8re, les conditions favorables pour que la gu\u00e9rison ait lieu.<\/p>\n\n\n\n<p>Le m\u00e9decin, au sens majuscule du terme, c\u2019est la nature, et le th\u00e9rapeute est l\u00e0 pour collaborer avec elle.<\/p>\n\n\n\n<p><\/p>\n<cite>Jean-Yves Leloup<\/cite><\/blockquote>\n<\/div>\n\n\n\n<div class=\"wp-block-column is-layout-flow wp-block-column-is-layout-flow\" style=\"flex-basis:50%\">\n<div style=\"height:100px\" aria-hidden=\"true\" class=\"wp-block-spacer\"><\/div>\n\n\n\n<figure class=\"wp-block-image alignfull size-large\"><img loading=\"lazy\" decoding=\"async\" width=\"1024\" height=\"586\" src=\"http:\/\/www.juliegille.fr\/wp-content\/uploads\/2022\/08\/noah-buscher-x8ZStukS2PM-unsplash-1024x586.jpg\" alt=\"\" class=\"wp-image-367\" srcset=\"https:\/\/www.juliegille.fr\/wp-content\/uploads\/2022\/08\/noah-buscher-x8ZStukS2PM-unsplash-1024x586.jpg 1024w, https:\/\/www.juliegille.fr\/wp-content\/uploads\/2022\/08\/noah-buscher-x8ZStukS2PM-unsplash-300x172.jpg 300w, https:\/\/www.juliegille.fr\/wp-content\/uploads\/2022\/08\/noah-buscher-x8ZStukS2PM-unsplash-768x440.jpg 768w, https:\/\/www.juliegille.fr\/wp-content\/uploads\/2022\/08\/noah-buscher-x8ZStukS2PM-unsplash-1536x880.jpg 1536w, https:\/\/www.juliegille.fr\/wp-content\/uploads\/2022\/08\/noah-buscher-x8ZStukS2PM-unsplash-2048x1173.jpg 2048w, https:\/\/www.juliegille.fr\/wp-content\/uploads\/2022\/08\/noah-buscher-x8ZStukS2PM-unsplash-496x284.jpg 496w\" sizes=\"auto, (max-width: 1024px) 100vw, 1024px\" \/><\/figure>\n<\/div>\n<\/div>\n<\/div><\/div>\n\n\n\n<p><strong>Dipl\u00f4m\u00e9e Psychologue sp\u00e9cialit\u00e9 Dynamique Sociale <\/strong> &#8211;<em>2006\/2010 &#8211; Universit\u00e9s d&rsquo;Aix en Provence et Amiens<\/em><\/p>\n\n\n\n<p><strong>Certifi\u00e9e Sophro-Analyste<\/strong> &#8211; <em>2011\/2012 &#8211; Institut Europ\u00e9en de Sophro-Analyse<\/em><\/p>\n\n\n\n<p><strong>Certifi\u00e9e Praticienne en Hypnose<\/strong> &#8211; <em>2013 &#8211; Lee Pascoe<\/em><\/p>\n\n\n\n<p><strong>Certifi\u00e9e Praticienne en Constellation syst\u00e9miques et familiales<\/strong> &#8211; <em>2013 &#8211; Christine Louveau<\/em><\/p>\n\n\n\n<p><strong>Certifi\u00e9e Praticienne en Rituels<\/strong> &#8211; <em>2015\/2017 &#8211; HoRites<\/em> avec Paule Lebrun<\/p>\n\n\n\n<p><strong>Co-Organisatrice du Festival du F\u00e9minin\u00ae\ufe0f des Vosges <\/strong>2017-2018-2019<\/p>\n\n\n\n<p><strong>Praticienne en Respiration Holotropique<\/strong> <em>2022-2023 &#8211; Ceshum<\/em> avec Brigitte Chavas et Jean-Frederic Motchane<\/p>\n\n\n\n<p><strong>Autrice de <em>Paroles de l\u2019Ombre<\/em><\/strong> &#8211; \u00e9ditions Terre Noire 2024<\/p>\n\n\n\n<p><strong>Formatrice au CesHum 2025-\u2026<\/strong> &#8211; <a href=\"https:\/\/ceshum.net\/animation\/julie-gille\/\">https:\/\/ceshum.net\/animation\/julie-gille\/<\/a><\/p>\n\n\n\n<p><strong>Formatrice \u00e0 Holoniis 2026-\u2026 &#8211; <\/strong><a href=\"https:\/\/www.holoniis.com\/formation-integrale\">https:\/\/www.holoniis.com\/formation-integrale<\/a><\/p>\n\n\n\n<figure class=\"wp-block-image alignwide size-large\"><img loading=\"lazy\" decoding=\"async\" width=\"1024\" height=\"653\" src=\"http:\/\/www.juliegille.fr\/wp-content\/uploads\/2022\/08\/Julie-Gille-e1659975016635-1024x653.jpg\" alt=\"\" class=\"wp-image-194\" srcset=\"https:\/\/www.juliegille.fr\/wp-content\/uploads\/2022\/08\/Julie-Gille-e1659975016635-1024x653.jpg 1024w, https:\/\/www.juliegille.fr\/wp-content\/uploads\/2022\/08\/Julie-Gille-e1659975016635-300x191.jpg 300w, https:\/\/www.juliegille.fr\/wp-content\/uploads\/2022\/08\/Julie-Gille-e1659975016635-768x490.jpg 768w, https:\/\/www.juliegille.fr\/wp-content\/uploads\/2022\/08\/Julie-Gille-e1659975016635-1536x979.jpg 1536w, https:\/\/www.juliegille.fr\/wp-content\/uploads\/2022\/08\/Julie-Gille-e1659975016635-389x248.jpg 389w, https:\/\/www.juliegille.fr\/wp-content\/uploads\/2022\/08\/Julie-Gille-e1659975016635.jpg 2000w\" sizes=\"auto, (max-width: 1024px) 100vw, 1024px\" \/><\/figure>\n","protected":false},"excerpt":{"rendered":"<p>Qui suis-je ? Mon parcours : Jeune adolescente, j&rsquo;\u00e9tais habit\u00e9e par le r\u00eave d\u2019\u00eatre psychologue-philosophe, une voie qui me permettrait de participer \u00e0 la construction &hellip;<\/p>\n","protected":false},"author":1,"featured_media":0,"parent":0,"menu_order":0,"comment_status":"closed","ping_status":"closed","template":"","meta":{"footnotes":""},"class_list":["post-31","page","type-page","status-publish","hentry"],"_links":{"self":[{"href":"https:\/\/www.juliegille.fr\/index.php\/wp-json\/wp\/v2\/pages\/31","targetHints":{"allow":["GET"]}}],"collection":[{"href":"https:\/\/www.juliegille.fr\/index.php\/wp-json\/wp\/v2\/pages"}],"about":[{"href":"https:\/\/www.juliegille.fr\/index.php\/wp-json\/wp\/v2\/types\/page"}],"author":[{"embeddable":true,"href":"https:\/\/www.juliegille.fr\/index.php\/wp-json\/wp\/v2\/users\/1"}],"replies":[{"embeddable":true,"href":"https:\/\/www.juliegille.fr\/index.php\/wp-json\/wp\/v2\/comments?post=31"}],"version-history":[{"count":33,"href":"https:\/\/www.juliegille.fr\/index.php\/wp-json\/wp\/v2\/pages\/31\/revisions"}],"predecessor-version":[{"id":1130,"href":"https:\/\/www.juliegille.fr\/index.php\/wp-json\/wp\/v2\/pages\/31\/revisions\/1130"}],"wp:attachment":[{"href":"https:\/\/www.juliegille.fr\/index.php\/wp-json\/wp\/v2\/media?parent=31"}],"curies":[{"name":"wp","href":"https:\/\/api.w.org\/{rel}","templated":true}]}}