{"id":570,"date":"2022-10-10T17:02:15","date_gmt":"2022-10-10T15:02:15","guid":{"rendered":"http:\/\/www.juliegille.fr\/?page_id=570"},"modified":"2022-10-10T18:34:52","modified_gmt":"2022-10-10T16:34:52","slug":"psychogenealogie","status":"publish","type":"page","link":"https:\/\/www.juliegille.fr\/index.php\/psychogenealogie\/","title":{"rendered":"Psychog\u00e9n\u00e9alogie"},"content":{"rendered":"\n<div class=\"wp-block-media-text alignfull is-stacked-on-mobile is-vertically-aligned-center is-image-fill has-background\" style=\"background-color:#f2c2a7\"><figure class=\"wp-block-media-text__media\" style=\"background-image:url(http:\/\/www.juliegille.fr\/wp-content\/uploads\/2022\/08\/josh-hild-cdLAm_cooqw-unsplash-683x1024.jpg);background-position:50% 50%\"><img loading=\"lazy\" decoding=\"async\" width=\"683\" height=\"1024\" src=\"http:\/\/www.juliegille.fr\/wp-content\/uploads\/2022\/08\/josh-hild-cdLAm_cooqw-unsplash-683x1024.jpg\" alt=\"\" class=\"wp-image-336 size-full\" srcset=\"https:\/\/www.juliegille.fr\/wp-content\/uploads\/2022\/08\/josh-hild-cdLAm_cooqw-unsplash-683x1024.jpg 683w, https:\/\/www.juliegille.fr\/wp-content\/uploads\/2022\/08\/josh-hild-cdLAm_cooqw-unsplash-200x300.jpg 200w, https:\/\/www.juliegille.fr\/wp-content\/uploads\/2022\/08\/josh-hild-cdLAm_cooqw-unsplash-768x1152.jpg 768w, https:\/\/www.juliegille.fr\/wp-content\/uploads\/2022\/08\/josh-hild-cdLAm_cooqw-unsplash-1024x1536.jpg 1024w, https:\/\/www.juliegille.fr\/wp-content\/uploads\/2022\/08\/josh-hild-cdLAm_cooqw-unsplash-1365x2048.jpg 1365w, https:\/\/www.juliegille.fr\/wp-content\/uploads\/2022\/08\/josh-hild-cdLAm_cooqw-unsplash-scaled.jpg 1707w\" sizes=\"auto, (max-width: 683px) 100vw, 683px\" \/><\/figure><div class=\"wp-block-media-text__content\">\n<p class=\"has-headings-color has-text-color has-large-font-size\"><strong>Psychog\u00e9n\u00e9alogie<\/strong><\/p>\n\n\n\n<p class=\"has-headings-color has-text-color\">Parmi ces diff\u00e9rentes dimensions qui nous habitent, notre histoire familiale se trouve \u00eatre un \u00e9l\u00e9ment important. Nous sous-estimons souvent \u00e0 quel point notre syst\u00e8me familial, ses dynamiques et ses traumas, nous ont impr\u00e9gn\u00e9.e.s m\u00eame si nous n\u2019avons pas \u00e9t\u00e9 t\u00e9moin du v\u00e9cu de nos anc\u00eatres. Notre famille est le terreau dans lequel nous puisons nos ressources pour cro\u00eetre. Nos fruits sont \u00e0 l\u2019image des \u00ab&nbsp;b\u00e9n\u00e9dictions&nbsp;\u00bb et des \u00ab&nbsp;mal\u00e9dictions&nbsp;\u00bb qui parcourent notre arbre g\u00e9n\u00e9alogique. <\/p>\n\n\n\n<p class=\"has-headings-color has-text-color\">Certaines histoires se r\u00e9p\u00e8tent, certains parcours de vie se ressemblent, etc\u2026&nbsp;<strong>Par loyaut\u00e9, nous pouvons porter malgr\u00e9 nous le poids d\u2019une vie qui n\u2019est pas la n\u00f4tre<\/strong>. Notre place dans notre famille peut nous paraitre floue ou inad\u00e9quate. La psychog\u00e9n\u00e9alogie nous invite \u00e0 visiter notre arbre familial pour d\u00e9couvrir les h\u00e9ritages qui ont besoin d\u2019\u00eatre rendus et de quelle mani\u00e8re nous pouvons r\u00e9\u00e9quilibrer l\u2019impact de notre syst\u00e8me familial sur notre vie personnelle. Ainsi, nous sommes invit\u00e9.e.s \u00e0&nbsp;<strong>retrouver notre juste place et nous r\u00e9approprier notre chemin de vie<\/strong>&nbsp;pour (re)devenir cr\u00e9ateur.rice de notre histoire personnelle !<\/p>\n\n\n\n<p><\/p>\n\n\n\n<p><em>En groupe, je propose d&rsquo;explorer les h\u00e9ritages transg\u00e9n\u00e9rationnels par le biais des <a href=\"http:\/\/www.juliegille.fr\/index.php\/constellations-familiales\/\">constellations familiales.<\/a><\/em><\/p>\n<\/div><\/div>\n","protected":false},"excerpt":{"rendered":"<p>Psychog\u00e9n\u00e9alogie Parmi ces diff\u00e9rentes dimensions qui nous habitent, notre histoire familiale se trouve \u00eatre un \u00e9l\u00e9ment important. Nous sous-estimons souvent \u00e0 quel point notre syst\u00e8me &hellip;<\/p>\n","protected":false},"author":1,"featured_media":0,"parent":0,"menu_order":0,"comment_status":"closed","ping_status":"closed","template":"","meta":{"footnotes":""},"class_list":["post-570","page","type-page","status-publish","hentry"],"_links":{"self":[{"href":"https:\/\/www.juliegille.fr\/index.php\/wp-json\/wp\/v2\/pages\/570","targetHints":{"allow":["GET"]}}],"collection":[{"href":"https:\/\/www.juliegille.fr\/index.php\/wp-json\/wp\/v2\/pages"}],"about":[{"href":"https:\/\/www.juliegille.fr\/index.php\/wp-json\/wp\/v2\/types\/page"}],"author":[{"embeddable":true,"href":"https:\/\/www.juliegille.fr\/index.php\/wp-json\/wp\/v2\/users\/1"}],"replies":[{"embeddable":true,"href":"https:\/\/www.juliegille.fr\/index.php\/wp-json\/wp\/v2\/comments?post=570"}],"version-history":[{"count":6,"href":"https:\/\/www.juliegille.fr\/index.php\/wp-json\/wp\/v2\/pages\/570\/revisions"}],"predecessor-version":[{"id":615,"href":"https:\/\/www.juliegille.fr\/index.php\/wp-json\/wp\/v2\/pages\/570\/revisions\/615"}],"wp:attachment":[{"href":"https:\/\/www.juliegille.fr\/index.php\/wp-json\/wp\/v2\/media?parent=570"}],"curies":[{"name":"wp","href":"https:\/\/api.w.org\/{rel}","templated":true}]}}