{"id":76,"date":"2022-07-31T22:34:17","date_gmt":"2022-07-31T20:34:17","guid":{"rendered":"http:\/\/www.juliegille.fr\/?page_id=76"},"modified":"2025-03-27T10:19:55","modified_gmt":"2025-03-27T09:19:55","slug":"weekend-persephone","status":"publish","type":"page","link":"https:\/\/www.juliegille.fr\/index.php\/weekend-persephone\/","title":{"rendered":"Weekend Pers\u00e9phone"},"content":{"rendered":"\n<h2 class=\"wp-block-heading\">Pers\u00e9phone, l\u2019\u00c9mergence de l\u2019\u00catre <\/h2>\n\n\n\n<h2 class=\"wp-block-heading\">stage mixte &#8211; 3\u00e8me \u00e9dition<\/h2>\n\n\n\n<div class=\"wp-block-group alignfull has-background\" style=\"background-color:#f8f4e4\"><div class=\"wp-block-group__inner-container is-layout-flow wp-block-group-is-layout-flow\">\n<div class=\"wp-block-columns alignwide is-layout-flex wp-container-core-columns-is-layout-9d6595d7 wp-block-columns-is-layout-flex\">\n<div class=\"wp-block-column is-layout-flow wp-block-column-is-layout-flow\">\n<div style=\"height:5px\" aria-hidden=\"true\" class=\"wp-block-spacer\"><\/div>\n<\/div>\n<\/div>\n\n\n\n<div class=\"wp-block-columns alignwide is-layout-flex wp-container-core-columns-is-layout-9d6595d7 wp-block-columns-is-layout-flex\">\n<div class=\"wp-block-column is-layout-flow wp-block-column-is-layout-flow\" style=\"flex-basis:50.29%\">\n<blockquote class=\"wp-block-quote is-layout-flow wp-block-quote-is-layout-flow\">\n<p class=\"has-headings-color has-text-color has-link-color wp-elements-16220dc034e0f0d52281a2cb8e6f02a3\" style=\"font-size:14px\">Certaines p\u00e9riodes de vie nous imposent une question br\u00fblante, pressante : <\/p>\n\n\n\n<p><\/p>\n<\/blockquote>\n\n\n\n<blockquote class=\"wp-block-quote is-layout-flow wp-block-quote-is-layout-flow\">\n<p class=\"has-headings-color has-text-color has-link-color wp-elements-9c2485922a7253c5b932badd304b0891\" style=\"font-size:14px\"><strong>\u00ab Qui es-tu ? Quel serait ton chemin si tu ne vivais pas pour les autres ? Comment marcherais-tu ta vie si tu ne cherchais sans cesse l\u2019approbation, si tu \u00e9chappais \u00e0 l\u2019emprise de la trop bonne M\u00e8re en toi ?&nbsp;<\/strong><br><br><\/p>\n\n\n\n<p class=\"has-headings-color has-text-color has-link-color wp-elements-50e7152197180675258d8e8899b00d14\" style=\"font-size:14px\"><strong>Oseras-tu regarder tes peurs, descendre dans les profondeurs de ton \u00caTRE pour d\u00e9poser les costumes rassurants, traverser les d\u00e9serts arides pour TE RENCONTRER v\u00e9ritablement, rev\u00eatir ton manteau de grandeur et de beaut\u00e9, et enfin embrasser la vie sauvagement  ? \u00bb<\/strong><\/p>\n<\/blockquote>\n<\/div>\n\n\n\n<div class=\"wp-block-column is-layout-flow wp-block-column-is-layout-flow\" style=\"flex-basis:49.71%\">\n<div style=\"height:100px\" aria-hidden=\"true\" class=\"wp-block-spacer\"><\/div>\n\n\n\n<figure class=\"wp-block-image size-large\"><img loading=\"lazy\" decoding=\"async\" width=\"724\" height=\"1024\" src=\"http:\/\/www.juliegille.fr\/wp-content\/uploads\/2024\/02\/FA2F0187-0C2C-4B12-A81E-FC31CC3715F5-724x1024.jpeg\" alt=\"\" class=\"wp-image-868\" srcset=\"https:\/\/www.juliegille.fr\/wp-content\/uploads\/2024\/02\/FA2F0187-0C2C-4B12-A81E-FC31CC3715F5-724x1024.jpeg 724w, https:\/\/www.juliegille.fr\/wp-content\/uploads\/2024\/02\/FA2F0187-0C2C-4B12-A81E-FC31CC3715F5-212x300.jpeg 212w, https:\/\/www.juliegille.fr\/wp-content\/uploads\/2024\/02\/FA2F0187-0C2C-4B12-A81E-FC31CC3715F5-768x1086.jpeg 768w, https:\/\/www.juliegille.fr\/wp-content\/uploads\/2024\/02\/FA2F0187-0C2C-4B12-A81E-FC31CC3715F5-1086x1536.jpeg 1086w, https:\/\/www.juliegille.fr\/wp-content\/uploads\/2024\/02\/FA2F0187-0C2C-4B12-A81E-FC31CC3715F5-1448x2048.jpeg 1448w, https:\/\/www.juliegille.fr\/wp-content\/uploads\/2024\/02\/FA2F0187-0C2C-4B12-A81E-FC31CC3715F5.jpeg 1587w\" sizes=\"auto, (max-width: 724px) 100vw, 724px\" \/><\/figure>\n<\/div>\n<\/div>\n\n\n\n<div class=\"wp-block-columns alignwide is-layout-flex wp-container-core-columns-is-layout-9d6595d7 wp-block-columns-is-layout-flex\">\n<div class=\"wp-block-column is-layout-flow wp-block-column-is-layout-flow\" style=\"flex-basis:100%\">\n<p class=\"has-headings-color has-text-color has-link-color wp-elements-fb62a70b6db4b3d20840082b16a4579f\">Pendant ce week-end, nous vous accompagnerons avec douceur et bienveillance dans la travers\u00e9e d\u2019un <strong>mythe de transformation<\/strong> qui nous invite \u00e0 nous engager enti\u00e8rement dans l\u2019aventure de l\u2019existence, jusqu\u2019\u00e0 <strong>l\u2019\u00e9mergence de l\u2019\u00catre<\/strong> libre qui sommeille en nous.<\/p>\n\n\n\n<p class=\"has-headings-color has-text-color has-link-color wp-elements-4e09f012c3acda61401ff7712f387d0a\"><strong>La grande histoire de Pers\u00e9phone et d\u2019Had\u00e8s concerne les femmes et les hommes qui veulent sortir du cocon \u00e9touffant de la s\u00e9curit\u00e9 pour acc\u00e9der au grand champ ouvert des possibles de la Vie !<\/strong><\/p>\n\n\n\n<p class=\"has-headings-color has-text-color has-link-color wp-elements-207ee3fb9d5f0171ae2dfb6c9fe042f7\">En nous appuyant sur la magie des histoires ancestrales, la puissance des partages, la symbolisation, la cr\u00e9ation et la c\u00e9l\u00e9bration, nous r\u00e9pondrons \u00e0 l\u2019appel de notre propre libert\u00e9.<\/p>\n\n\n\n<p class=\"has-headings-color has-text-color has-link-color wp-elements-ecfdb95ac2d38b0b0024f8da626b57d3\"><strong>Pour tous ceux et toutes celles qui :<\/strong><br>&#8230;maternent leur entourage jusqu\u2019\u00e0 \u00e9puisement,<br>&#8230;n\u2019en peuvent plus de devoir \u00eatre la M\u00e8re ou la Fille parfaite, le P\u00e8re ou le Fils parfait,<br>&#8230;g\u00e8rent\/prennent en charge\/anticipent et ne savent plus exister diff\u00e9remment,<br>&#8230;pensent devoir pr\u00e9server les autres de la souffrance et de la vie,<br>&#8230;fusionnent dans leurs relations et s\u2019y perdent,<br>&#8230;sont mis \u00e0 mal par les s\u00e9parations,<br>&#8230;cherchent \u00e0 accepter les cycles de Vie-Mort-Vie,<br>&#8230;sont hant\u00e9s par la nostalgie d\u2019un Ailleurs et cherchent \u00e0 grandir,<br>&#8230;se sentent enfant \u00e9ternel et ont du mal \u00e0 contacter l\u2019homme\/ la femme adulte et l\u00e9gitime en eux\/elles,<br>&#8230;r\u00eavent d\u2019ind\u00e9pendance et de libert\u00e9 !<br>&#8230;ont besoin d\u2019apprendre \u00e0 descendre dans la caverne, dans leurs profondeurs,<br>&#8230;veulent apprendre \u00e0 \u00eatre vivant-e-s, \u00e0 s\u2019engager pleinement dans l\u2019Existence&#8230;<\/p>\n\n\n\n<p class=\"has-headings-color has-text-color has-link-color wp-elements-711f45fe129f877b87023328f760befb\"><strong>Nous vivrons le mythe de l\u2019int\u00e9rieur, et chaque homme et femme viendra recevoir ce mythe selon l\u00e0 o\u00f9 il\/elle en est sur son chemin, au niveau personnel, dans son histoire, dans son identit\u00e9, dans son rapport plus large au monde et \u00e0 la vie.<\/strong> Le mythe incarn\u00e9 gr\u00e2ce aux exercices d\u2019exploration et le support du groupe fera son chemin intime dans les profondeurs, comme une carte pour la psych\u00e9 qui suivra la voie \u00e0 son rythme apr\u00e8s le week-end.<\/p>\n\n\n\n<p class=\"has-headings-color has-text-color has-link-color wp-elements-51fc3dae2a998e314cf3f19794dfc523\"><\/p>\n\n\n\n<p class=\"has-headings-color has-text-color has-link-color wp-elements-8b601c4cc2ecd1c2f38245d0246b9d02\"><strong>POSSIBILIT\u00c9 DE FAIRE LE STAGE POUR UN GROUPE D\u00c9J\u00c0 FORM\u00c9. Contactez moi pour plus d\u2019infos.<\/strong><\/p>\n\n\n\n<p class=\"has-headings-color has-text-color has-link-color wp-elements-5b7a8ec16d1bbd7d03428ff864519e7b\">Restez inform\u00e9es par la newsletter :<a href=\"https:\/\/sophro88.us10.list-manage.com\/subscribe?u=97248b8a43be00fa54f5da597&amp;id=997024048d\"> ici<\/a><\/p>\n<\/div>\n<\/div>\n<\/div><\/div>\n\n\n\n<p><\/p>\n\n\n\n<p class=\"has-headings-color has-text-color\"><\/p>\n\n\n\n<p class=\"has-headings-color has-text-color\"><\/p>\n\n\n\n<p class=\"has-headings-color has-text-color\"><\/p>\n\n\n\n<p class=\"has-headings-color has-text-color\"><\/p>\n\n\n\n<p class=\"has-headings-color has-text-color\"><\/p>\n\n\n\n<p class=\"has-headings-color has-text-color\"><\/p>\n\n\n\n<p class=\"has-headings-color has-text-color\"><\/p>\n\n\n\n<p class=\"has-headings-color has-text-color\"><\/p>\n\n\n\n<p class=\"has-headings-color has-text-color\"><\/p>\n\n\n\n<p><\/p>\n\n\n\n<figure class=\"wp-block-image alignfull size-full\"><img loading=\"lazy\" decoding=\"async\" width=\"1024\" height=\"440\" src=\"http:\/\/www.juliegille.fr\/wp-content\/uploads\/2022\/08\/Mythe-Persephone.jpg\" alt=\"\" class=\"wp-image-163\" srcset=\"https:\/\/www.juliegille.fr\/wp-content\/uploads\/2022\/08\/Mythe-Persephone.jpg 1024w, https:\/\/www.juliegille.fr\/wp-content\/uploads\/2022\/08\/Mythe-Persephone-300x129.jpg 300w, https:\/\/www.juliegille.fr\/wp-content\/uploads\/2022\/08\/Mythe-Persephone-768x330.jpg 768w, https:\/\/www.juliegille.fr\/wp-content\/uploads\/2022\/08\/Mythe-Persephone-389x167.jpg 389w\" sizes=\"auto, (max-width: 1024px) 100vw, 1024px\" \/><\/figure>\n","protected":false},"excerpt":{"rendered":"<p>Pers\u00e9phone, l\u2019\u00c9mergence de l\u2019\u00catre stage mixte &#8211; 3\u00e8me \u00e9dition Certaines p\u00e9riodes de vie nous imposent une question br\u00fblante, pressante : \u00ab Qui es-tu ? Quel &hellip;<\/p>\n","protected":false},"author":1,"featured_media":0,"parent":0,"menu_order":0,"comment_status":"closed","ping_status":"closed","template":"","meta":{"footnotes":""},"class_list":["post-76","page","type-page","status-publish","hentry"],"_links":{"self":[{"href":"https:\/\/www.juliegille.fr\/index.php\/wp-json\/wp\/v2\/pages\/76","targetHints":{"allow":["GET"]}}],"collection":[{"href":"https:\/\/www.juliegille.fr\/index.php\/wp-json\/wp\/v2\/pages"}],"about":[{"href":"https:\/\/www.juliegille.fr\/index.php\/wp-json\/wp\/v2\/types\/page"}],"author":[{"embeddable":true,"href":"https:\/\/www.juliegille.fr\/index.php\/wp-json\/wp\/v2\/users\/1"}],"replies":[{"embeddable":true,"href":"https:\/\/www.juliegille.fr\/index.php\/wp-json\/wp\/v2\/comments?post=76"}],"version-history":[{"count":41,"href":"https:\/\/www.juliegille.fr\/index.php\/wp-json\/wp\/v2\/pages\/76\/revisions"}],"predecessor-version":[{"id":1020,"href":"https:\/\/www.juliegille.fr\/index.php\/wp-json\/wp\/v2\/pages\/76\/revisions\/1020"}],"wp:attachment":[{"href":"https:\/\/www.juliegille.fr\/index.php\/wp-json\/wp\/v2\/media?parent=76"}],"curies":[{"name":"wp","href":"https:\/\/api.w.org\/{rel}","templated":true}]}}