{"id":767,"date":"2023-11-20T16:13:23","date_gmt":"2023-11-20T15:13:23","guid":{"rendered":"https:\/\/www.juliegille.fr\/?page_id=767"},"modified":"2025-08-23T19:43:43","modified_gmt":"2025-08-23T17:43:43","slug":"temoignages-stages","status":"publish","type":"page","link":"https:\/\/www.juliegille.fr\/index.php\/temoignages-stages\/","title":{"rendered":"T\u00e9moignages Stages"},"content":{"rendered":"\n<p class=\"has-headings-color has-text-color has-background has-link-color wp-elements-b5be12cca15af0ac7183adf04f142d2b\" style=\"background:linear-gradient(135deg,rgb(159,122,29) 0%,rgb(255,224,139) 100%)\"><strong>De l&rsquo;Ombre \u00e0 la Lumi\u00e8re 2024:<\/strong> \u00ab\u00a0C\u2019\u00e9tait une premi\u00e8re exp\u00e9rience pour moi de stage en format \u201clong\u201d et je mesure l\u2019immense chance que j\u2019ai eu de pouvoir travailler avec Gwenaelle, Julie et Fr\u00e9d\u00e9ric.<br>Il faudra du courage et de l\u2019engagement pour aller \u00e0 la rencontre de ses parts d\u2019ombres, mais le cadre a \u00e9t\u00e9 tellement bien pens\u00e9 qu\u2019on y plonge avec une totale confiance que je n\u2019avais jamais ressentie jusqu\u2019ici. Chaque intervention est juste, pertinente, riche et surtout extr\u00eamement humaine. Gr\u00e2ce \u00e0 la force du groupe et \u00e0 l\u2019accompagnement tellement soutenant, on fait l\u2019exp\u00e9rience du pouvoir du lien pour aller explorer des endroits qui nous paraissaient inaccessibles jusqu\u2019ici. Et quel bonheur d\u2019y arriver, d\u2019y \u00eatre vu, de le partager et finalement de le faire vivre!<br>J\u2019ai une gratitude \u00e9norme d\u2019avoir pu vivre une telle exp\u00e9rience et je ne peux que la recommander de tout coeur.\u00a0\u00bb &#8211; Pauline<\/p>\n\n\n\n<p class=\"has-headings-color has-text-color has-background has-link-color wp-elements-df90fa4e4d9ff1985d740437db8e0c3f\" style=\"background:linear-gradient(135deg,rgb(255,224,139) 0%,rgb(171,152,119) 100%)\"><strong>De l\u2019Ombre \u00e0 la Lumi\u00e8re 2024:<\/strong> \u00ab\u00a0Quel stage!!!! pour une premi\u00e8re c\u2019\u00e9tait un succ\u00e8s.<br>je suis encore dans l\u2019int\u00e9gration des cadeaux de ce voyage dans mes profondeurs.<br>Guid\u00e9e par Julie qui connait bien le travail sur la psychologie de l\u2019ombre, accompagn\u00e9e par la bienveillance de Gwena\u00eblle toujours juste et encourageante et mise en mouvement par les musiques de Fred pour nous garder dans la vibration, waooou un stage qui ne ressemble \u00e0 aucun autre. Ce travail sur nos parts d\u2019ombre est magnifiquement orchestr\u00e9 par ce trio ultra comp\u00e9tent. La descente n\u2019a pas toujours \u00e9tait facile pour moi, mais la confiance et la bienveillance de chacun, chacune, m\u2019a permis d\u2019aller trouver le diamant cach\u00e9. Un grand merci \u00e0 vous trois, \u00e0 Aur\u00e9lie qui prend soin de nous \u00e0 chaque repas, \u00e0 nos h\u00f4tes dans ce lieu paisible et \u00e0 chacun des participants pour ce voyage que l\u2019on a fait ensemble.\u00a0\u00bb &#8211; Marie<\/p>\n\n\n\n<p class=\"has-headings-color has-text-color has-background has-link-color wp-elements-c2a4ad65af01c6fbd1b4899c57afdef0\" style=\"background:linear-gradient(135deg,rgb(242,194,116) 0%,rgb(255,224,139) 100%)\"><strong>L&rsquo;Appel de la Louve \/ Pers\u00e9phone :<\/strong> \u00ab&nbsp;Ayant particip\u00e9 aux stages \u00ab\u00a0Pers\u00e9phone\u00a0\u00bb et \u00ab\u00a0L&rsquo;appel de la louve\u00a0\u00bb ainsi qu\u2019\u00e0 2 constellations le mot qui me vient instantan\u00e9ment est le mot \u00ab\u00a0justesse\u00a0\u00bb. Les propositions faites par Julie sont toujours justes et appropri\u00e9es dans le respect et la bienveillance envers chaque personne. Gr\u00e2ce \u00e0 ces stages, j\u2019ai &nbsp;exp\u00e9riment\u00e9 de, non pas faire, mais laisser s&rsquo;op\u00e9rer un travail en profondeur engag\u00e9 dans l\u2019\u00e9motion mais d\u00e9gag\u00e9 d&rsquo;un exc\u00e8s de pathos. Je connaissais d\u00e9j\u00e0 l\u2019utilisation des contes comme outil th\u00e9rapeutique, j\u2019ai d\u00e9couvert le \u00ab\u00a0th\u00e9\u00e2tre symbolique\u00a0\u00bb qui ouvre l\u2019espace du rituel et se r\u00e9v\u00e8le puissant, ludique, et po\u00e9tique. J\u2019ai \u00e9galement exp\u00e9riment\u00e9 &nbsp;la co-cr\u00e9ation et l\u2019accompagnement de Julie de mon propre rituel \u00e0 une occasion sp\u00e9cifique et tout ce qui est dit pr\u00e9c\u00e9demment s\u2019en trouve largement affirm\u00e9 et &nbsp;confirm\u00e9. Avec Julie je me suis toujours sentie en s\u00e9curit\u00e9, respect\u00e9e, consid\u00e9r\u00e9e et libre. Merci \u00e0 toi Julie pour ton engagement, ta justesse et ton respect\ud83d\ude4f&nbsp;\u00bb &#8211; Martine<\/p>\n\n\n\n<p class=\"has-headings-color has-text-color has-background has-link-color wp-elements-9f45d5bec3cba252bae63b721151cea9\" style=\"background:linear-gradient(135deg,rgb(241,150,115) 0%,rgb(242,194,167) 100%)\"><strong>Pers\u00e9phone<\/strong> :&nbsp;\u00ab\u00a0\u00c0 la lecture de la description du stage, m\u00eame mon esprit rationnel a senti l&rsquo;appel, ce mythe: c&rsquo;\u00e9tait ce que je vivais concr\u00e8tement, alors je me suis lanc\u00e9e. Je n&rsquo;avais jamais fait de stage de d\u00e9veloppement personnel ou autres th\u00e9rapies de groupe donc j&rsquo;appr\u00e9hendais beaucoup, non pas d&rsquo;exposer des \u00e9motions \u00e0 des inconnues car je savais que nous serions toutes dans un \u00e9tat de vuln\u00e9rabilit\u00e9 qui incite \u00e0 la bienveillance mais plut\u00f4t de ne pas arriver \u00e0 \u00ab\u00a0plonger\u00a0\u00bb, \u00e0 ressentir des \u00e9motions profondes, \u00e0 d\u00e9connecter mon cerveau pour juste vivre ce moment. C&rsquo;\u00e9tait d&rsquo;ailleurs un \u00e9l\u00e9ment r\u00e9current de ma th\u00e9rapie individuelle, avoir du mal \u00e0 nommer un ressenti, \u00e0 pleurer, \u00e0 dire \u00ab\u00a0j&rsquo;ai mal, j&rsquo;ai peur, je suis fi\u00e8re, je suis heureuse, je suis l\u00e9gitime\u00a0\u00bb&#8230; Finalement, le stage en groupe m&rsquo;a permis, contre toute attente, \u00e0 exprimer clairement, ressentir pleinement et profond\u00e9ment des \u00e9motions. Et j&rsquo;ai plong\u00e9&#8230; Au premier atelier, \u00e0 la premi\u00e8re minute du mythe, l&rsquo;appel a \u00e9t\u00e9 entendu. Je crois qu&rsquo;il me fallait un groupe d&rsquo;\u00e9coute et de soutien, de femmes dans le m\u00eame bateau, pour pouvoir enfin ouvrir les vannes. Julie \u00e9tant un capitaine d&rsquo;une fiabilit\u00e9 et d&rsquo;une ma\u00eetrise absolue pour nous guider. Ah\u00e9.\u00a0\u00bb &#8211; Pauline<\/p>\n\n\n\n<p class=\"has-headings-color has-text-color has-background has-link-color wp-elements-5e0aaee1c6367414a12bd9a393e6907f\" style=\"background:linear-gradient(135deg,rgb(242,194,167) 0%,rgb(255,224,139) 100%)\"><strong>L&rsquo;Appel de la Louve<\/strong> : \u00ab\u00a0Apr\u00e8s le stage de Pers\u00e9phone, si lib\u00e9rateur, si joyeux, si important dans ma th\u00e9rapie et mon chemin de vie, j&rsquo;ai souhait\u00e9 poursuivre avec ce stage qui souhaitait parler \u00e0 ma femme sauvage en moi. Femme absolument inconnue au bataillon, dont je percevais \u00e0 peine les contours. Je ne me sentais pas tellement concern\u00e9e par la th\u00e9matique, me sentant plut\u00f4t libre dans ma vie de femme, plut\u00f4t accomplie dans ma vie de femme&#8230; Mais je d\u00e9couvris lors de ce stage que ma femme int\u00e9rieure n&rsquo;\u00e9tait en effet pas malheureuse mais elle se cachait, tr\u00e8s bien d&rsquo;ailleurs, seule la petite fille se pr\u00e9sentait au monde ext\u00e9rieur. Alors quelle \u00e9preuve de la montrer \u00e0 toutes ces magnifiques femmes en pr\u00e9sence lors de ce stage !&nbsp;Et puis, je compris que toutes avaient des femmes sauvages invisibilis\u00e9es (tout du moins \u00e0 elle-m\u00eame), que je pouvais voir mais qu&rsquo;elles ne voyaient pas ou n&rsquo;assumaient pas &#8230; Puis la nuit, l\u00e0 o\u00f9 se cachait mes peurs, j&rsquo;ai lib\u00e9r\u00e9 mes \u00e9nergies de femme sauvage, me r\u00e9v\u00e9lant \u00e0 moi-m\u00eame dans une c\u00e9r\u00e9monie initiatique qui restera grav\u00e9e dans ma m\u00e9moire \u00e0 jamais. Julie nous guide \u00e0 travers ce stage avec \u00e9norm\u00e9ment de bienveillance et de ma\u00eetrise, ce qui est tr\u00e8s rassurant. Ahouuuuu\u00a0\u00bb &#8211; Pauline<\/p>\n\n\n\n<p class=\"has-headings-color has-text-color has-background has-link-color wp-elements-c836ef5ea209aac4ba9a1efb67272e59\" style=\"background:linear-gradient(135deg,rgb(255,224,139) 0%,rgb(241,150,115) 100%)\"><strong>L&rsquo;Appel de la Louve \/ Pers\u00e9phone <\/strong>: \u00ab\u00a0J\u2019ai fait deux week-ends de rituels autour de deux contes diff\u00e9rents et ce fut dans les deux cas tr\u00e8s riche en exp\u00e9riences int\u00e9rieures. On fait un travail profond sur soi qui nous aide \u00e0 reprendre pied et \u00e0 mieux nous conna\u00eetre. Tout cela aid\u00e9 par un groupe et toujours bien encadr\u00e9. Je n\u2019oublierai jamais ce que j\u2019ai v\u00e9cu dans ces moments l\u00e0 et tout ce que \u00e7a m\u2019a apport\u00e9.\u00a0\u00bb&nbsp;&#8211; Alexandra&nbsp;<\/p>\n\n\n\n<p class=\"has-headings-color has-text-color has-background has-link-color wp-elements-34542c929ccabbba45d4bd10088973aa\" style=\"background:linear-gradient(135deg,rgb(255,224,139) 0%,rgb(115,103,3) 100%)\"><strong>De l&rsquo;Ombre \u00e0 la Lumi\u00e8re<\/strong> <strong>2024<\/strong>: \u00ab\u00a0On a l\u2019habitude de dire que les premiers essuient parfois les pl\u00e2tres. Mais pas avec Gwenaelle et Julie ! J\u2019ai fait partie du premier groupe \u00e0 exp\u00e9rimenter ce stage \u201cDe l\u2019ombre \u00e0 la lumi\u00e8re\u201d et j\u2019en suis honor\u00e9e. Toutes les conditions \u00e9taient r\u00e9unies pour r\u00e9aliser un beau voyage \u00e0 la rencontre d\u2019une de nos parts d\u2019ombre : s\u00e9curit\u00e9, avancement progressif, d\u00e9tente du corps et de l\u2019esprit entre les moments plus engageants. Toutes les propositions d\u2019ateliers furent pertinentes, bien expliqu\u00e9es et savamment orchestr\u00e9es. Le groupe, compos\u00e9 de diff\u00e9rentes personnalit\u00e9s et donc de diff\u00e9rentes parts d\u2019ombre qui sont chaleureusement accueillies, fut soud\u00e9 et aidant. Quelle merveilleuse aventure que je ne peux que recommander (malgr\u00e9 les secousses qu\u2019elle peut provoquer bien s\u00fbr !).\u00a0\u00bb &#8211; \u00c9milie<\/p>\n\n\n\n<p class=\"has-headings-color has-text-color has-background has-link-color wp-elements-0a3dea6b38a7c002be3458b6f5b4bba7\" style=\"background:linear-gradient(135deg,rgb(159,122,29) 0%,rgb(255,224,139) 100%)\"><strong>De l&rsquo;Ombre \u00e0 la Lumi\u00e8re<\/strong> <strong>2024<\/strong>: \u00ab\u00a0Habitu\u00e9e des stages th\u00e9rapeutiques depuis quelques ann\u00e9es, je sais qu\u2019il s\u2019agit, souvent, d\u2019exp\u00e9riences fortes pour grandir en conscience et en humanit\u00e9. Dans cette perspective, le stage de l\u2019Ombre \u00e0 la Lumi\u00e8re con\u00e7u et co-anim\u00e9 par Gw\u00e9na\u00eblle et Julie, avec l\u2019appui constant de Fr\u00e9d\u00e9ric, est cependant unique, remarquable de justesse dans sa progression et dans l\u2019exploration pouss\u00e9e, mais en toute s\u00e9curit\u00e9 psychique, de nos parts d\u2019ombre, dans leurs dimensions individuelles et collectives. Je sais que j\u2019ai v\u00e9cu une exp\u00e9rience exceptionnelle dont l\u2019int\u00e9gration post-stage ne cesse de me bluffer dans ses multiples manifestations b\u00e9n\u00e9fiques. Gw\u00e9na\u00eblle, Julie vous \u00eates de grandes th\u00e9rapeutes, certainement des pionni\u00e8res avec ce stage sur l\u2019Ombre et formez, avec Fr\u00e9d\u00e9ric, un trio hors pair. Le Hameau, cocon protecteur accueillant et la cuisine d\u00e9licieuse participent de cette puissante alchimie. Je vous remercie infiniment et vous le redis : \u201cO\u00f9 qu\u2019il soit, Jung est heureux\u201d. &#8211; IOCHEM<\/p>\n\n\n\n<p class=\"has-headings-color has-text-color has-background has-link-color wp-elements-550c670ca94bcdfb894f5938f89d9327\" style=\"background:linear-gradient(135deg,rgb(255,224,139) 0%,rgb(153,121,33) 100%)\"><strong>De l&rsquo;Ombre \u00e0 la Lumi\u00e8re<\/strong> <strong>2024<\/strong>: \u00ab\u00a0J\u2019ai eu la joie de participer \u00e0 ce premier stage propos\u00e9 par Gwennaelle et Julie. Je savais que j\u2019allais trouver toute la beaut\u00e9 et la puissance des stages que j\u2019ai d\u00e9j\u00e0 pu exp\u00e9rimenter avec Gwenna\u00eblle, sans soup\u00e7onner ce niveau d\u2019exploration, de vibration, de r\u00e9v\u00e9lation et de v\u00e9cu. En effet, cette exp\u00e9rience restera grav\u00e9e dans ma chair, dans mon esprit, mes cellules, ma conscience et mon inconscient, tant le processus a \u00e9t\u00e9 fort. Ce stage m\u2019a permis de vivre une exp\u00e9rience d\u2019individuation. Il m\u2019a permis de me sentir rassembl\u00e9e, de r\u00e9v\u00e9ler des parts de moi que je ne connaissais pas ou que je ne voulais pas voir.<br>C\u2019est l\u00e0 toute la richesse et la magie de cette semaine, au c\u0153ur d\u2019un collectif exceptionnel, guid\u00e9e par des th\u00e9rapeutes hors-pair. Si j\u2019ai pu aller si loin, c\u2019est parce que j\u2019\u00e9tais en pleine confiance, que le fil propos\u00e9 \u00e9tait d\u2019une si grande finesse et d\u2019une si belle coh\u00e9rence, qu\u2019il n\u2019y avait plus qu\u2019\u00e0 se laisser glisser, s\u2019accueillir. Immense gratitude \u00e0 Gwenna\u00eblle, Julie et Fred, qui se sont si bien compl\u00e9t\u00e9s, qui nous ont si bien guid\u00e9s et prot\u00e9g\u00e9s dans cette d\u00e9marche sensible. Quel boulot ! Et quelle bienveillance ! Ce stage est un bijou, un tr\u00e9sor de r\u00e9v\u00e9lations, je suis tellement heureuse d\u2019avoir eu la possibilit\u00e9 de le vivre. Immense merci.\u00a0\u00bb &#8211; C\u00e9lia<\/p>\n\n\n\n<p class=\"has-headings-color has-text-color has-background has-link-color wp-elements-98237d214e6da01d752f8bf0ccde240a\" style=\"background:linear-gradient(135deg,rgb(174,157,113) 0%,rgb(255,224,139) 100%)\"><strong>De l&rsquo;Ombre \u00e0 la Lumi\u00e8re<\/strong> <strong>2024<\/strong>: \u00ab\u00a0Un stage hors norme. \u00c0 tous les niveaux. Pour la puissance du processus, la qualit\u00e9 des intervenantes, le cadre de s\u00e9curit\u00e9 en permanence assur\u00e9, la profondeur du voyage\u2026 Je fais un travail sur moi depuis mes 20 ans (j\u2019approche doucement les 50), et il m\u2019arrive de temps en temps de m\u2019ennuyer lors de certains stages. Mais alors l\u00e0, non seulement j\u2019ai revisit\u00e9 des bases sous un autre angle, mais j\u2019ai en plus d\u00e9couvert des approches corporelles \u00e9tonnantes! Second\u00e9es par des introspections et des retours en groupe, ces pratiques permettent une grande lib\u00e9ration \u00e9motionnelle! J\u2019ai encore peu de recul pour en saisir tous les b\u00e9n\u00e9fices, mais aujourd\u2019hui, je peux vous dire une chose: je me sens en paix!\u00a0Aussi, je ne peux que vous recommander d\u2019aller \u00e0 la rencontre de Julie et Gwena\u00eblle, deux \u201csorci\u00e8res\u201d puissantes, bienveillantes et merveilleusement humaines. Accompagn\u00e9s de Fred, ils forment \u00e0 eux trois un trio d\u2019excellence. Gratitude de cette rencontre. Gratitude d\u2019avoir re\u00e7u leurs enseignements.\u00a0\u00bb &#8211; Anne-Laure<\/p>\n\n\n\n<p class=\"has-headings-color has-text-color has-background has-link-color wp-elements-1da6b08d32ad5695ecd9f5d937accecf\" style=\"background:linear-gradient(135deg,rgb(166,132,38) 0%,rgb(255,224,139) 100%)\"><strong>De l&rsquo;Ombre \u00e0 la Lumi\u00e8re<\/strong> <strong>2024<\/strong>: \u00ab\u00a0Par del\u00e0 les mots et les commentaires, j\u2019ai v\u00e9cu ici une exp\u00e9rience follement nourrissante! Et mon cher juge interne a connu un d\u00e9collement de racines dont il se souviendra longtemps\u2026Se laisser remuer jusqu\u2019aux entrailles, se remettre sur le courant de l\u2019\u00e9nergie vitale et soigner sa source de p\u00e9tillance interne.Se laisser toucher par le regard, le toucher et les mots des autres, oser \u00e0 son tour se montrer et \u00eatre vu.Se laisser surprendre par ses angles morts et la beaut\u00e9 singuli\u00e8re des paradoxes; mieux comprendre et int\u00e9grer son ombre, voire la ch\u00e9rir!Repartir de plus belle dans la vie, le vent dans les voiles, le c\u0153ur plein et l\u00e9ger. Telle est la proposition si g\u00e9n\u00e9reuse, ambitieuse et tendre de Gwenaelle, Julie et Frederic.Si cela vous tente, vous auriez tort de vous priver d\u2019une telle possibilit\u00e9 de joie tectonique: ce voyage collectif et individuel vers les profondeurs est un bouleversant chambardement de l\u2019\u00e2me.\u00a0\u00bb &#8211; Marilyn<\/p>\n\n\n\n<p class=\"has-headings-color has-text-color has-background has-link-color wp-elements-a550997e46b76558e19b7ef48cd8a613\" style=\"background:linear-gradient(135deg,rgb(166,132,38) 0%,rgb(255,224,139) 100%)\"><strong>De l&rsquo;Ombre \u00e0 la Lumi\u00e8re<\/strong> <strong>2025<\/strong>: \u00ab\u00a0FAQ\u00a0(Mental versus Boussole Int\u00e9rieure) \u2013 <em>Pourquoi choisir CE stage ?<\/em> Je connais Gwena\u00eblle, si elle propose un stage sur nos parts d\u2019Ombre, c\u2019est s\u00fbrement qu\u2019il y a une p\u00e9pite \u00e0 r\u00e9cup\u00e9rer ++ l\u2019univers fascinant de Julie (cf son livre \u201cparoles de l\u2019ombre\u201d) \u00e9veille ma curiosit\u00e9, une force myst\u00e9rieuse me pousse \u00e0 partir en exploration. \u2013 <em>Et si je n\u2019arrivais pas \u00e0 descendre dans mes profondeurs ?<\/em> D\u00e9j\u00e0 dans leur diff\u00e9rents stages, j\u2019ai pu ressentir l\u2019enveloppe s\u00e9curisante de Gwena\u00eblle et Fred. Je peux leur renouveler ma confiance pour pouvoir descendre, avec l\u2019aide de Julie, dans les tr\u00e9fonds de mes parts cach\u00e9es et mettre en lumi\u00e8re le Graal. Je sens que cette incroyable Odyss\u00e9e en vaut vraiment la peine ! \u2013 <em>A quoi dois-je m\u2019attendre car cette exploration m\u2019effraie quand m\u00eame pas mal ?<\/em> A basculer dans un univers po\u00e9tique, onirique, de l\u2019extra-ordinaire, soutenu par le mouvement du corps, des ondulations de la musique et du souffle. Par le lieu merveilleux avec cette nature omnipr\u00e9sente qui ressource tellement, A \u00eatre port\u00e9e par la puissance du lien, du groupe, de la beaut\u00e9 des sourires rayonnants, des mains tendues, des regards h\u00e9sitants, des cris du coeur, Par la force du plus grand que soi, de l\u2019Alchimie, du myst\u00e8re de la m\u00e9tamORphose ! \u2013 <em>Je doute encore, mais comment faire ?<\/em> Caius Julius C\u00e9sar a dit :\u00a0 Veni, Vidi, Vici ! alors je te propose d\u2019oser ce stage, par toi-m\u00eame Viens, Vois, et tu Vaincras avec courage ainsi ton coeur triomphera ! \u2661 AVE l\u2019Amour ! \u2661 Augusta MMXXV &#8211; Silvia<\/p>\n\n\n\n<p><\/p>\n","protected":false},"excerpt":{"rendered":"<p>De l&rsquo;Ombre \u00e0 la Lumi\u00e8re 2024: \u00ab\u00a0C\u2019\u00e9tait une premi\u00e8re exp\u00e9rience pour moi de stage en format \u201clong\u201d et je mesure l\u2019immense chance que j\u2019ai eu &hellip;<\/p>\n","protected":false},"author":1,"featured_media":0,"parent":0,"menu_order":0,"comment_status":"closed","ping_status":"closed","template":"","meta":{"footnotes":""},"class_list":["post-767","page","type-page","status-publish","hentry"],"_links":{"self":[{"href":"https:\/\/www.juliegille.fr\/index.php\/wp-json\/wp\/v2\/pages\/767","targetHints":{"allow":["GET"]}}],"collection":[{"href":"https:\/\/www.juliegille.fr\/index.php\/wp-json\/wp\/v2\/pages"}],"about":[{"href":"https:\/\/www.juliegille.fr\/index.php\/wp-json\/wp\/v2\/types\/page"}],"author":[{"embeddable":true,"href":"https:\/\/www.juliegille.fr\/index.php\/wp-json\/wp\/v2\/users\/1"}],"replies":[{"embeddable":true,"href":"https:\/\/www.juliegille.fr\/index.php\/wp-json\/wp\/v2\/comments?post=767"}],"version-history":[{"count":12,"href":"https:\/\/www.juliegille.fr\/index.php\/wp-json\/wp\/v2\/pages\/767\/revisions"}],"predecessor-version":[{"id":1086,"href":"https:\/\/www.juliegille.fr\/index.php\/wp-json\/wp\/v2\/pages\/767\/revisions\/1086"}],"wp:attachment":[{"href":"https:\/\/www.juliegille.fr\/index.php\/wp-json\/wp\/v2\/media?parent=767"}],"curies":[{"name":"wp","href":"https:\/\/api.w.org\/{rel}","templated":true}]}}