{"id":796,"date":"2023-12-18T18:08:01","date_gmt":"2023-12-18T17:08:01","guid":{"rendered":"http:\/\/www.juliegille.fr\/?page_id=796"},"modified":"2025-08-22T13:49:17","modified_gmt":"2025-08-22T11:49:17","slug":"de-lombre-a-la-lumiere","status":"publish","type":"page","link":"https:\/\/www.juliegille.fr\/index.php\/de-lombre-a-la-lumiere\/","title":{"rendered":"De l\u2019ombre \u00e0 la lumi\u00e8re"},"content":{"rendered":"\n<p class=\"has-headings-color has-text-color has-link-color wp-elements-61a3ef71f9a9857c9f58fa248ef2de90\"><strong>De l\u2019Ombre \u00e0 la Lumi\u00e8re <\/strong><\/p>\n\n\n\n<p class=\"has-headings-color has-text-color has-link-color wp-elements-79ed8e1d5d817275f223dd537b902d34\"><strong><span style=\"text-decoration: underline;\">En co-animation avec Gwenaelle Persiaux<\/span><\/strong> <a href=\"https:\/\/gwenaellepersiaux.com\/\" target=\"_blank\" rel=\"noreferrer noopener\">(Son site<\/a>)<\/p>\n\n\n\n<p class=\"has-headings-color has-text-color has-link-color wp-elements-1cd473ee0e761c44f8636af666ccfb82\"><strong>5 jours pour go\u00fbter au travail d\u2019exploration de l\u2019ombre&nbsp;<\/strong><\/p>\n\n\n<div class=\"wp-block-image\">\n<figure class=\"aligncenter size-large is-resized\"><img loading=\"lazy\" decoding=\"async\" width=\"1024\" height=\"683\" src=\"http:\/\/www.juliegille.fr\/wp-content\/uploads\/2023\/12\/14E4BCC4-4764-4F56-9FC8-1EE8A019E2F8-1024x683.jpeg\" alt=\"\" class=\"wp-image-831\" style=\"width:359px;height:auto\" srcset=\"https:\/\/www.juliegille.fr\/wp-content\/uploads\/2023\/12\/14E4BCC4-4764-4F56-9FC8-1EE8A019E2F8-1024x683.jpeg 1024w, https:\/\/www.juliegille.fr\/wp-content\/uploads\/2023\/12\/14E4BCC4-4764-4F56-9FC8-1EE8A019E2F8-300x200.jpeg 300w, https:\/\/www.juliegille.fr\/wp-content\/uploads\/2023\/12\/14E4BCC4-4764-4F56-9FC8-1EE8A019E2F8-768x512.jpeg 768w, https:\/\/www.juliegille.fr\/wp-content\/uploads\/2023\/12\/14E4BCC4-4764-4F56-9FC8-1EE8A019E2F8-1536x1024.jpeg 1536w, https:\/\/www.juliegille.fr\/wp-content\/uploads\/2023\/12\/14E4BCC4-4764-4F56-9FC8-1EE8A019E2F8-450x300.jpeg 450w, https:\/\/www.juliegille.fr\/wp-content\/uploads\/2023\/12\/14E4BCC4-4764-4F56-9FC8-1EE8A019E2F8.jpeg 1920w\" sizes=\"auto, (max-width: 1024px) 100vw, 1024px\" \/><\/figure>\n<\/div>\n\n\n<p class=\"has-headings-color has-text-color has-link-color wp-elements-17c0e09d9129ee49a79500c7126c5d63\"><br>Elles sont nombreuses, ces parts de nous cach\u00e9es dans la p\u00e9nombre, \u00e0 l\u2019abri des regards (croyons-nous), et m\u00eame de notre propre conscience. Des facettes que nous ignorons, qui nous repoussent souvent ou que nous cherchons amoureusement chez les autres. \u00ab&nbsp;Pingre, moi , jamais ! Artiste , moi ? Si seulement ! M\u00e8re Terrible ? \u00b4connais pas !&nbsp;Flemmard.e ? Pas d\u2019\u00e7a chez nous ! \u00bb . Des facettes dont nous nous croyons coup\u00e9.e.s, avec soulagement ou d\u00e9sarroi. Mais il n\u2019en est rien ! Toujours \u00e0 r\u00f4der dans nos angles morts, elles sont pourtant bien l\u00e0, titillant nos agacements, suscitant notre admiration, allumant le feu de nos rejets, d\u00e9cha\u00eenant nos langues ac\u00e9r\u00e9es de jugement, elles prennent mille et un d\u00e9tours pour se rappeler \u00e0 notre bon souvenir.&nbsp;<\/p>\n\n\n\n<p class=\"has-headings-color has-text-color has-link-color wp-elements-220fb46730e16fda97d26cd400ef78b0\">Quoiqu\u2019il en soit, ces ombres qui peuplent nos profondeurs sont les gardiennes de grands tr\u00e9sors\u2026 <strong>Quelles sont les perles cach\u00e9es dans l\u2019ombre de nos facettes lumineuses ? Quel serait le cadeau que nous pourrions recevoir de cette rencontre avec l\u2019ombre, de son apprivoisement et de sa r\u00e9int\u00e9gration ? <\/strong>Quelle qualit\u00e9 avons-nous sacrifi\u00e9e sur l\u2019autel de l\u2019adaptation familiale, societale ? Quelle \u00e9nergie avons-nous musel\u00e9e, la d\u00e9guisant en chien enrag\u00e9, pour rester dans les rangs de nos divers clans ? Quelles sont les parts dont nous nous sommes amput\u00e9.e.s par loyaut\u00e9 \u00e0 une histoire personnelle et\/ou collective ? Ces parts que nous fuyons souvent, nous r\u00e9fugiant dans une lumineuse perfection jusqu\u2019\u00e0 l\u2019\u00e9puisement, parfois&#8230;jusqu\u2019\u00e0 \u00eatre s\u00e9par\u00e9.e.s de soi m\u00eame. Jusqu\u2019\u00e0 oublier qui nous sommes.<\/p>\n\n\n\n<p class=\"has-text-align-center has-headings-color has-text-color has-link-color wp-elements-9ea33f55c414b60169d1f7a49dd14196\"><em>On ne peut voir la lumi\u00e8re sans l&rsquo;ombre, on ne peut percevoir le silence sans le bruit, on ne peut atteindre la sagesse sans la folie. Ce n&rsquo;est pas en regardant la lumi\u00e8re qu&rsquo;on devient lumineux, mais en plongeant dans son obscurit\u00e9.<\/em> <em>Carl Jung<\/em><\/p>\n\n\n\n<p class=\"has-headings-color has-text-color has-link-color wp-elements-6868789870ff5a47ac9f0c1b8d691c7f\">Venez Explorer en vous de mani\u00e8re ludique ces parts contre lesquelles nous sommes en guerre depuis longtemps pour retrouver leur sagesse depuis longtemps oubli\u00e9e, leur \u00e9nergie depuis longtemps endormie. <strong>Dans un lieu magnifique, au c\u0153ur de l\u2019\u00e9t\u00e9 ensoleill\u00e9, guid\u00e9.e.s par un c\u0153ur conscient, soutenu.e.s par des pratiques psychocorporelles, de respiration holotropique, de transe et d\u2019exploration po\u00e9tique, venez vous r\u00e9concilier avec vos parts sombres pour r\u00e9int\u00e9grer toute votre puissance de vie !<\/strong><\/p>\n\n\n\n<hr class=\"wp-block-separator has-alpha-channel-opacity\"\/>\n\n\n\n<div class=\"wp-block-group has-headings-color has-text-color has-background has-link-color wp-elements-9f32371b4f1a5a723f9d340dd8a33059\" style=\"background-color:#ffecbe\"><div class=\"wp-block-group__inner-container is-layout-constrained wp-block-group-is-layout-constrained\">\n<p>&nbsp;5 jours \/ 4 nuits<\/p>\n\n\n\n<p><strong>-du mardi 5 aout 10h30 au samedi 9 aout <span style=\"text-decoration: underline;\">2025<\/span> 17h<\/strong> (COMPLET)<\/p>\n\n\n\n<ul class=\"wp-block-list\">\n<li><strong>du mardi 4 aout au samedi 8 aout 2026<\/strong><\/li>\n<\/ul>\n\n\n\n<ul class=\"wp-block-list\">\n<li><strong>du mardi 3 aout 2027 au samedi 7 aout 2027<\/strong><br><\/li>\n<\/ul>\n\n\n\n<p><\/p>\n\n\n\n<p><strong>Lieu&nbsp;:&nbsp;Hameau des Sources \u00e0 Pr\u00e9aux en Ard\u00e8che (07)<\/strong>, \u00e0 1h20 de Lyon,&nbsp;1h20 de Saint Etienne, 2h40 de Marseille.<\/p>\n\n\n\n<p>D\u00e9couvrez ce beau lieu (avec piscine&nbsp;!) sur leur site&nbsp;:&nbsp;<a href=\"http:\/\/source07.fr\/\" target=\"_blank\" rel=\"noreferrer noopener\">http:\/\/source07.fr<\/a><\/p>\n\n\n\n<p><strong>Tarif 2024 : 630\u20ac<\/strong>&nbsp; (+ environ 360\u20ac h\u00e9bergement et repas) &#8211; <strong>640\u20ac en 2025<\/strong><\/p>\n\n\n\n<p>H\u00e9bergement : vous serez log\u00e9s en chambres ou chalets de 2\/3 personnes (quelques h\u00e9bergements solo avec suppl\u00e9ment sous r\u00e9serve de disponibilit\u00e9).<\/p>\n\n\n\n<p>Nos repas&nbsp;seront pr\u00e9par\u00e9s avec amour et conscience par une cuisini\u00e8re&nbsp;: v\u00e9g\u00e9tarien, local et bio.<\/p>\n\n\n\n<p><strong>Nombre de places limit\u00e9<\/strong>&nbsp;<strong>\u00e0 16 personnes.&nbsp;<\/strong><\/p>\n\n\n\n<p><strong>Entretien t\u00e9l\u00e9phonique pr\u00e9alable<\/strong>.<strong>&nbsp;<\/strong>Il est conseill\u00e9, mais pas obligatoire, d\u2019avoir d\u00e9j\u00e0 fait un stage avec l\u2019une de nous, Gwenaelle ou moi-m\u00eame, afin de se conna\u00eetre mutuellement.<\/p>\n\n\n\n<p><strong>Conditions d\u2019annulation :&nbsp;<\/strong>L\u2019acompte est conserv\u00e9 dans tous les cas d\u2019annulation.&nbsp;En cas d\u2019annulation moins de 4 semaines avant la date du stage, la totalit\u00e9 du stage est due, sauf si une personne peut vous remplacer (et seul l\u2019acompte sera retenu).<\/p>\n\n\n\n<p><strong>Inscription via Gwenaelle <\/strong><a href=\"https:\/\/gwenaellepersiaux.com\/?page_id=1594\">INSCRIPTION<\/a><\/p>\n\n\n\n<p>Un avant-go\u00fbt du lieu d\u2019accueil pour ce stage\u2026:<\/p>\n<\/div><\/div>\n\n\n<div class=\"wp-block-image\">\n<figure class=\"aligncenter size-large is-resized\"><img loading=\"lazy\" decoding=\"async\" width=\"1024\" height=\"768\" src=\"http:\/\/www.juliegille.fr\/wp-content\/uploads\/2025\/08\/14967DD3-9184-4F21-BCCC-4747B08D81D5_1_201_a-1024x768.jpg\" alt=\"\" class=\"wp-image-1080\" style=\"width:936px;height:auto\" srcset=\"https:\/\/www.juliegille.fr\/wp-content\/uploads\/2025\/08\/14967DD3-9184-4F21-BCCC-4747B08D81D5_1_201_a-1024x768.jpg 1024w, https:\/\/www.juliegille.fr\/wp-content\/uploads\/2025\/08\/14967DD3-9184-4F21-BCCC-4747B08D81D5_1_201_a-300x225.jpg 300w, https:\/\/www.juliegille.fr\/wp-content\/uploads\/2025\/08\/14967DD3-9184-4F21-BCCC-4747B08D81D5_1_201_a-768x576.jpg 768w, https:\/\/www.juliegille.fr\/wp-content\/uploads\/2025\/08\/14967DD3-9184-4F21-BCCC-4747B08D81D5_1_201_a-1536x1152.jpg 1536w, https:\/\/www.juliegille.fr\/wp-content\/uploads\/2025\/08\/14967DD3-9184-4F21-BCCC-4747B08D81D5_1_201_a-2048x1536.jpg 2048w, https:\/\/www.juliegille.fr\/wp-content\/uploads\/2025\/08\/14967DD3-9184-4F21-BCCC-4747B08D81D5_1_201_a-400x300.jpg 400w\" sizes=\"auto, (max-width: 1024px) 100vw, 1024px\" \/><\/figure>\n<\/div>\n\n<div class=\"wp-block-image\">\n<figure class=\"alignright size-large is-resized\"><img loading=\"lazy\" decoding=\"async\" width=\"1024\" height=\"576\" src=\"http:\/\/www.juliegille.fr\/wp-content\/uploads\/2023\/12\/169C4D9E-1BB2-4FA7-B4F9-571605BC1392-1024x576.jpeg\" alt=\"\" class=\"wp-image-827\" style=\"width:489px;height:auto\" srcset=\"https:\/\/www.juliegille.fr\/wp-content\/uploads\/2023\/12\/169C4D9E-1BB2-4FA7-B4F9-571605BC1392-1024x576.jpeg 1024w, https:\/\/www.juliegille.fr\/wp-content\/uploads\/2023\/12\/169C4D9E-1BB2-4FA7-B4F9-571605BC1392-300x169.jpeg 300w, https:\/\/www.juliegille.fr\/wp-content\/uploads\/2023\/12\/169C4D9E-1BB2-4FA7-B4F9-571605BC1392-768x432.jpeg 768w, https:\/\/www.juliegille.fr\/wp-content\/uploads\/2023\/12\/169C4D9E-1BB2-4FA7-B4F9-571605BC1392-1536x864.jpeg 1536w, https:\/\/www.juliegille.fr\/wp-content\/uploads\/2023\/12\/169C4D9E-1BB2-4FA7-B4F9-571605BC1392-533x300.jpeg 533w, https:\/\/www.juliegille.fr\/wp-content\/uploads\/2023\/12\/169C4D9E-1BB2-4FA7-B4F9-571605BC1392.jpeg 1600w\" sizes=\"auto, (max-width: 1024px) 100vw, 1024px\" \/><\/figure>\n<\/div>\n\n<div class=\"wp-block-image\">\n<figure class=\"alignleft is-resized\"><img loading=\"lazy\" decoding=\"async\" width=\"1130\" height=\"1534\" src=\"http:\/\/www.juliegille.fr\/wp-content\/uploads\/2024\/08\/62b64e68-3303-4fc6-bb7d-513810d8a24e.jpg\" alt=\"\" class=\"wp-image-914\" style=\"width:374px;height:auto\" srcset=\"https:\/\/www.juliegille.fr\/wp-content\/uploads\/2024\/08\/62b64e68-3303-4fc6-bb7d-513810d8a24e.jpg 1130w, https:\/\/www.juliegille.fr\/wp-content\/uploads\/2024\/08\/62b64e68-3303-4fc6-bb7d-513810d8a24e-221x300.jpg 221w, https:\/\/www.juliegille.fr\/wp-content\/uploads\/2024\/08\/62b64e68-3303-4fc6-bb7d-513810d8a24e-754x1024.jpg 754w, https:\/\/www.juliegille.fr\/wp-content\/uploads\/2024\/08\/62b64e68-3303-4fc6-bb7d-513810d8a24e-768x1043.jpg 768w\" sizes=\"auto, (max-width: 1130px) 100vw, 1130px\" \/><\/figure>\n<\/div>\n\n<div class=\"wp-block-image\">\n<figure class=\"alignright size-large is-resized\"><img loading=\"lazy\" decoding=\"async\" width=\"1024\" height=\"768\" src=\"http:\/\/www.juliegille.fr\/wp-content\/uploads\/2025\/08\/06F4CF50-24C1-4113-AB7C-42286310F39A-1024x768.jpg\" alt=\"\" class=\"wp-image-1081\" style=\"width:528px;height:auto\" srcset=\"https:\/\/www.juliegille.fr\/wp-content\/uploads\/2025\/08\/06F4CF50-24C1-4113-AB7C-42286310F39A-1024x768.jpg 1024w, https:\/\/www.juliegille.fr\/wp-content\/uploads\/2025\/08\/06F4CF50-24C1-4113-AB7C-42286310F39A-300x225.jpg 300w, https:\/\/www.juliegille.fr\/wp-content\/uploads\/2025\/08\/06F4CF50-24C1-4113-AB7C-42286310F39A-768x576.jpg 768w, https:\/\/www.juliegille.fr\/wp-content\/uploads\/2025\/08\/06F4CF50-24C1-4113-AB7C-42286310F39A-1536x1152.jpg 1536w, https:\/\/www.juliegille.fr\/wp-content\/uploads\/2025\/08\/06F4CF50-24C1-4113-AB7C-42286310F39A-2048x1536.jpg 2048w, https:\/\/www.juliegille.fr\/wp-content\/uploads\/2025\/08\/06F4CF50-24C1-4113-AB7C-42286310F39A-400x300.jpg 400w\" sizes=\"auto, (max-width: 1024px) 100vw, 1024px\" \/><\/figure>\n<\/div>\n\n<div class=\"wp-block-image\">\n<figure class=\"aligncenter size-large\"><img loading=\"lazy\" decoding=\"async\" width=\"1024\" height=\"352\" src=\"http:\/\/www.juliegille.fr\/wp-content\/uploads\/2023\/12\/550232AC-F71F-40DE-90F2-8BBCAC53E952-1024x352.jpeg\" alt=\"\" class=\"wp-image-829\" srcset=\"https:\/\/www.juliegille.fr\/wp-content\/uploads\/2023\/12\/550232AC-F71F-40DE-90F2-8BBCAC53E952-1024x352.jpeg 1024w, https:\/\/www.juliegille.fr\/wp-content\/uploads\/2023\/12\/550232AC-F71F-40DE-90F2-8BBCAC53E952-300x103.jpeg 300w, https:\/\/www.juliegille.fr\/wp-content\/uploads\/2023\/12\/550232AC-F71F-40DE-90F2-8BBCAC53E952-768x264.jpeg 768w, https:\/\/www.juliegille.fr\/wp-content\/uploads\/2023\/12\/550232AC-F71F-40DE-90F2-8BBCAC53E952-1536x529.jpeg 1536w, https:\/\/www.juliegille.fr\/wp-content\/uploads\/2023\/12\/550232AC-F71F-40DE-90F2-8BBCAC53E952-2048x705.jpeg 2048w, https:\/\/www.juliegille.fr\/wp-content\/uploads\/2023\/12\/550232AC-F71F-40DE-90F2-8BBCAC53E952-588x202.jpeg 588w\" sizes=\"auto, (max-width: 1024px) 100vw, 1024px\" \/><\/figure>\n<\/div>","protected":false},"excerpt":{"rendered":"<p>De l\u2019Ombre \u00e0 la Lumi\u00e8re En co-animation avec Gwenaelle Persiaux (Son site) 5 jours pour go\u00fbter au travail d\u2019exploration de l\u2019ombre&nbsp; Elles sont nombreuses, ces &hellip;<\/p>\n","protected":false},"author":1,"featured_media":822,"parent":0,"menu_order":0,"comment_status":"closed","ping_status":"closed","template":"","meta":{"footnotes":""},"class_list":["post-796","page","type-page","status-publish","has-post-thumbnail","hentry"],"_links":{"self":[{"href":"https:\/\/www.juliegille.fr\/index.php\/wp-json\/wp\/v2\/pages\/796","targetHints":{"allow":["GET"]}}],"collection":[{"href":"https:\/\/www.juliegille.fr\/index.php\/wp-json\/wp\/v2\/pages"}],"about":[{"href":"https:\/\/www.juliegille.fr\/index.php\/wp-json\/wp\/v2\/types\/page"}],"author":[{"embeddable":true,"href":"https:\/\/www.juliegille.fr\/index.php\/wp-json\/wp\/v2\/users\/1"}],"replies":[{"embeddable":true,"href":"https:\/\/www.juliegille.fr\/index.php\/wp-json\/wp\/v2\/comments?post=796"}],"version-history":[{"count":26,"href":"https:\/\/www.juliegille.fr\/index.php\/wp-json\/wp\/v2\/pages\/796\/revisions"}],"predecessor-version":[{"id":1083,"href":"https:\/\/www.juliegille.fr\/index.php\/wp-json\/wp\/v2\/pages\/796\/revisions\/1083"}],"wp:featuredmedia":[{"embeddable":true,"href":"https:\/\/www.juliegille.fr\/index.php\/wp-json\/wp\/v2\/media\/822"}],"wp:attachment":[{"href":"https:\/\/www.juliegille.fr\/index.php\/wp-json\/wp\/v2\/media?parent=796"}],"curies":[{"name":"wp","href":"https:\/\/api.w.org\/{rel}","templated":true}]}}